{"id":44,"date":"2020-02-19T09:07:55","date_gmt":"2020-02-19T08:07:55","guid":{"rendered":"https:\/\/wp.blasmusik-gebenbach.de\/?page_id=44"},"modified":"2023-03-25T14:11:28","modified_gmt":"2023-03-25T13:11:28","slug":"orchester","status":"publish","type":"page","link":"https:\/\/wp.blasmusik-gebenbach.de\/?page_id=44","title":{"rendered":"Orchester"},"content":{"rendered":"\n<div class=\"wp-block-uagb-advanced-heading uagb-block-ab016897\"><h1 class=\"uagb-heading-text\">Unser Orchester<\/h1><div class=\"uagb-separator\"><\/div><\/div>\n\n\n<div class=\"wp-block-image\">\n<figure class=\"aligncenter size-full is-resized\"><a href=\"https:\/\/wp.blasmusik-gebenbach.de\/wp-content\/uploads\/Orchester-Riva-2018.jpg\" data-rel=\"lightbox-image-0\" data-magnific_type=\"image\" data-rl_title=\"Orchester Riva 2018\" data-rl_caption=\"\" title=\"Orchester Riva 2018\"><img loading=\"lazy\" decoding=\"async\" src=\"https:\/\/wp.blasmusik-gebenbach.de\/wp-content\/uploads\/Orchester-Riva-2018.jpg\" alt=\"Orchester Riva 2018\" class=\"wp-image-241\" width=\"960\" height=\"640\" srcset=\"https:\/\/wp.blasmusik-gebenbach.de\/wp-content\/uploads\/Orchester-Riva-2018.jpg 1920w, https:\/\/wp.blasmusik-gebenbach.de\/wp-content\/uploads\/Orchester-Riva-2018-300x200.jpg 300w, https:\/\/wp.blasmusik-gebenbach.de\/wp-content\/uploads\/Orchester-Riva-2018-1024x683.jpg 1024w, https:\/\/wp.blasmusik-gebenbach.de\/wp-content\/uploads\/Orchester-Riva-2018-768x512.jpg 768w, https:\/\/wp.blasmusik-gebenbach.de\/wp-content\/uploads\/Orchester-Riva-2018-1536x1024.jpg 1536w\" sizes=\"auto, (max-width: 960px) 100vw, 960px\" \/><\/a><\/figure>\n<\/div>\n\n\n<div class=\"wp-block-qubely-wrapper qubely-block-012235\"><div class=\"qubely-block-wrapper-block \">\n<p>Das <strong>Gesamtorchester <\/strong>besteht zur Zeit aus etwa 65 Musikerinnen und Musikern. Geleitet wird das Orchester seit 1997 von Gerhard B\u00f6ller. Seine Stellvertreterin ist Angelika Sch\u00f6pf, die auch unser Nachwuchsorchester leitet.<\/p>\n\n\n\n<p>Zur Vorbereitung auf unser j\u00e4hrliches Konzert im Fr\u00fchjahr und zu den anderen vielf\u00e4ltigen Auftritten <strong>proben <\/strong>wir regelm\u00e4ssig <strong>jeden Samstag Abend ab 20 Uhr<\/strong> im Pfarrsaal in Gebenbach. Bei Bedarf finden zus\u00e4tzliche Registerproben ab 18:30 Uhr statt. Gerne k\u00f6nne Sie uns in unserem Probenraum besuchen.<\/p>\n<\/div><\/div>\n\n\n\n<div style=\"height:40px\" aria-hidden=\"true\" class=\"wp-block-spacer\"><\/div>\n\n\n\n<h2 class=\"has-text-align-left wp-block-heading\">Unser Dirigent Gerhard B\u00f6ller<\/h2>\n\n\n\n<div class=\"wp-block-columns are-vertically-aligned-top is-layout-flex wp-container-core-columns-is-layout-9d6595d7 wp-block-columns-is-layout-flex\">\n<div class=\"wp-block-column is-vertically-aligned-top is-layout-flow wp-block-column-is-layout-flow\" style=\"flex-basis:60%\">\n<table id=\"tablepress-2\" class=\"tablepress tablepress-id-2\">\n<tbody>\n<tr class=\"row-1\">\n\t<td class=\"column-1\">seit 1997<\/td><td class=\"column-2\">Dirigent der Blasmusik Gebenbach<\/td>\n<\/tr>\n<tr class=\"row-2\">\n\t<td class=\"column-1\">seit 2000<\/td><td class=\"column-2\"><b>Kreisdirigent<\/b> NBMB Kreis Amberg-Sulzbach<\/td>\n<\/tr>\n<tr class=\"row-3\">\n\t<td class=\"column-1\">2004<\/td><td class=\"column-2\">Besuch des 22. berufsbegleitenden Lehrgangs \u201eLeitung von Blasorchestern\u201c mit Abschlusspr\u00fcfung (<b>B-Schein<\/b>)<\/td>\n<\/tr>\n<tr class=\"row-4\">\n\t<td class=\"column-1\">nebenbei<\/td><td class=\"column-2\">Musikalische Leitung verschiedener Blasorchester wie Musikverein Vilseck, Bergknappenkapelle Sulzbach-Rosenberg, Musikkapelle Ursensollen, Blaskapelle Ammerthal<\/td>\n<\/tr>\n<tr class=\"row-5\">\n\t<td class=\"column-1\">seit 2012<\/td><td class=\"column-2\"><b>Stellvertretender Bezirksdirigent<\/b> NBMB Bezirk Oberpfalz<\/td>\n<\/tr>\n<tr class=\"row-6\">\n\t<td class=\"column-1\"><\/td><td class=\"column-2\">Leidenschaftlicher Musiker \u2013 mit verschiedenen Instrumenten:<br \/>\nQuerfl\u00f6te, Klarinette, Saxophon, Waldhorn, Vogelhorn, Oboe inklusive Ablegen von Leistungsabzeichen und Wettbewerben<br \/>\nPr\u00fcfer f\u00fcr Leistungsabzeichen<br \/>\n<\/td>\n<\/tr>\n<tr class=\"row-7\">\n\t<td class=\"column-1\"><\/td><td class=\"column-2\"><b>Teilnahme an Lehrg\u00e4ngen und Workshops<\/b><br \/>\n\u2022\tBlechbl\u00e4serseminare bei Prof. Wolfgang Gaag<br \/>\n\u2022\tDirigentenworkshop mit Prof. M\u00f6senbichler<br \/>\n\u2022\tHornworkshop mit Alexander Boruvka<br \/>\n\u2022\tHornworkshop mit Michael L\u00f6sch<br \/>\n\u2022\tSaxophonworkshop mit Ebonit-Saxophonquartett<br \/>\n<\/td>\n<\/tr>\n<tr class=\"row-8\">\n\t<td class=\"column-1\"><\/td><td class=\"column-2\">Jahrelang <b>erfahrener Ausbilder<\/b> f\u00fcr Klarinette, Saxophon, Waldhorn<\/td>\n<\/tr>\n<\/tbody>\n<\/table>\n<!-- #tablepress-2 from cache -->\n<\/div>\n\n\n\n<div class=\"wp-block-column is-vertically-aligned-top is-layout-flow wp-block-column-is-layout-flow\" style=\"flex-basis:40%\"><div class=\"wp-block-image\">\n<figure class=\"aligncenter size-full is-resized\"><img loading=\"lazy\" decoding=\"async\" src=\"https:\/\/wp.blasmusik-gebenbach.de\/wp-content\/uploads\/Gerhard-B\u00f6ller-gro\u00df.jpg\" alt=\"Dirigent Gerhard B\u00f6ller\" class=\"wp-image-1006\" width=\"229\" height=\"400\" srcset=\"https:\/\/wp.blasmusik-gebenbach.de\/wp-content\/uploads\/Gerhard-B\u00f6ller-gro\u00df.jpg 229w, https:\/\/wp.blasmusik-gebenbach.de\/wp-content\/uploads\/Gerhard-B\u00f6ller-gro\u00df-172x300.jpg 172w\" sizes=\"auto, (max-width: 229px) 100vw, 229px\" \/><figcaption class=\"wp-element-caption\">Dirigent Gerhard B\u00f6ller<\/figcaption><\/figure>\n<\/div><\/div>\n<\/div>\n\n\n\n<div style=\"height:40px\" aria-hidden=\"true\" class=\"wp-block-spacer\"><\/div>\n\n\n\n<h2 class=\"has-text-align-left wp-block-heading\">Die Register unseres Orchesters<\/h2>\n\n\n\n<div class=\"wp-block-columns is-layout-flex wp-container-core-columns-is-layout-9d6595d7 wp-block-columns-is-layout-flex\">\n<div class=\"wp-block-column is-layout-flow wp-block-column-is-layout-flow\" style=\"flex-basis:34%\">\n<h4 class=\"has-text-align-center wp-block-heading\">Fl\u00f6tenregister<\/h4>\n\n\n<div class=\"wp-block-image\">\n<figure class=\"aligncenter size-full is-resized\"><a href=\"https:\/\/wp.blasmusik-gebenbach.de\/wp-content\/uploads\/Register-Fl\u00f6ten.jpg\" data-rel=\"lightbox-image-1\" data-magnific_type=\"image\" data-rl_title=\"\" data-rl_caption=\"\" title=\"\"><img loading=\"lazy\" decoding=\"async\" src=\"https:\/\/wp.blasmusik-gebenbach.de\/wp-content\/uploads\/Register-Fl\u00f6ten.jpg\" alt=\"Register Fl\u00f6ten\" class=\"wp-image-244\" width=\"202\" height=\"300\" srcset=\"https:\/\/wp.blasmusik-gebenbach.de\/wp-content\/uploads\/Register-Fl\u00f6ten.jpg 1293w, https:\/\/wp.blasmusik-gebenbach.de\/wp-content\/uploads\/Register-Fl\u00f6ten-202x300.jpg 202w, https:\/\/wp.blasmusik-gebenbach.de\/wp-content\/uploads\/Register-Fl\u00f6ten-690x1024.jpg 690w, https:\/\/wp.blasmusik-gebenbach.de\/wp-content\/uploads\/Register-Fl\u00f6ten-768x1140.jpg 768w, https:\/\/wp.blasmusik-gebenbach.de\/wp-content\/uploads\/Register-Fl\u00f6ten-1034x1536.jpg 1034w\" sizes=\"auto, (max-width: 202px) 100vw, 202px\" \/><\/a><figcaption class=\"wp-element-caption\"> <\/figcaption><\/figure>\n<\/div><\/div>\n\n\n\n<div class=\"wp-block-column is-layout-flow wp-block-column-is-layout-flow\" style=\"flex-basis:66%\">\n<h4 class=\"has-text-align-center wp-block-heading\">Klarinettenregister<\/h4>\n\n\n<div class=\"wp-block-image\">\n<figure class=\"aligncenter size-full is-resized\"><a href=\"https:\/\/wp.blasmusik-gebenbach.de\/wp-content\/uploads\/Register-Klarinetten.jpg\" data-rel=\"lightbox-image-2\" data-magnific_type=\"image\" data-rl_title=\"\" data-rl_caption=\"\" title=\"\"><img loading=\"lazy\" decoding=\"async\" src=\"https:\/\/wp.blasmusik-gebenbach.de\/wp-content\/uploads\/Register-Klarinetten.jpg\" alt=\"Register Klarinetten\" class=\"wp-image-245\" width=\"416\" height=\"300\" srcset=\"https:\/\/wp.blasmusik-gebenbach.de\/wp-content\/uploads\/Register-Klarinetten.jpg 1920w, https:\/\/wp.blasmusik-gebenbach.de\/wp-content\/uploads\/Register-Klarinetten-300x216.jpg 300w, https:\/\/wp.blasmusik-gebenbach.de\/wp-content\/uploads\/Register-Klarinetten-1024x738.jpg 1024w, https:\/\/wp.blasmusik-gebenbach.de\/wp-content\/uploads\/Register-Klarinetten-768x553.jpg 768w, https:\/\/wp.blasmusik-gebenbach.de\/wp-content\/uploads\/Register-Klarinetten-1536x1106.jpg 1536w\" sizes=\"auto, (max-width: 416px) 100vw, 416px\" \/><\/a><figcaption class=\"wp-element-caption\"> <\/figcaption><\/figure>\n<\/div><\/div>\n<\/div>\n\n\n\n<div class=\"wp-block-columns is-layout-flex wp-container-core-columns-is-layout-9d6595d7 wp-block-columns-is-layout-flex\">\n<div class=\"wp-block-column is-layout-flow wp-block-column-is-layout-flow\" style=\"flex-basis:34%\">\n<h4 class=\"has-text-align-center wp-block-heading\">Saxophonregister<\/h4>\n\n\n<div class=\"wp-block-image\">\n<figure class=\"aligncenter size-full is-resized\"><a href=\"https:\/\/wp.blasmusik-gebenbach.de\/wp-content\/uploads\/Register-Sax.jpg\" data-rel=\"lightbox-image-3\" data-magnific_type=\"image\" data-rl_title=\"\" data-rl_caption=\"\" title=\"\"><img loading=\"lazy\" decoding=\"async\" src=\"https:\/\/wp.blasmusik-gebenbach.de\/wp-content\/uploads\/Register-Sax.jpg\" alt=\"Register Sax\" class=\"wp-image-246\" width=\"231\" height=\"300\" srcset=\"https:\/\/wp.blasmusik-gebenbach.de\/wp-content\/uploads\/Register-Sax.jpg 1476w, https:\/\/wp.blasmusik-gebenbach.de\/wp-content\/uploads\/Register-Sax-231x300.jpg 231w, https:\/\/wp.blasmusik-gebenbach.de\/wp-content\/uploads\/Register-Sax-787x1024.jpg 787w, https:\/\/wp.blasmusik-gebenbach.de\/wp-content\/uploads\/Register-Sax-768x999.jpg 768w, https:\/\/wp.blasmusik-gebenbach.de\/wp-content\/uploads\/Register-Sax-1181x1536.jpg 1181w\" sizes=\"auto, (max-width: 231px) 100vw, 231px\" \/><\/a><\/figure>\n<\/div><\/div>\n\n\n\n<div class=\"wp-block-column is-layout-flow wp-block-column-is-layout-flow\" style=\"flex-basis:66%\">\n<h4 class=\"has-text-align-center wp-block-heading\">Trompetenregister<\/h4>\n\n\n<div class=\"wp-block-image\">\n<figure class=\"aligncenter size-full is-resized\"><a href=\"https:\/\/wp.blasmusik-gebenbach.de\/wp-content\/uploads\/Register-Trompeten.jpg\" data-rel=\"lightbox-image-4\" data-magnific_type=\"image\" data-rl_title=\"\" data-rl_caption=\"\" title=\"\"><img loading=\"lazy\" decoding=\"async\" src=\"https:\/\/wp.blasmusik-gebenbach.de\/wp-content\/uploads\/Register-Trompeten.jpg\" alt=\"Register Trompeten\" class=\"wp-image-249\" width=\"420\" height=\"300\" srcset=\"https:\/\/wp.blasmusik-gebenbach.de\/wp-content\/uploads\/Register-Trompeten.jpg 1920w, https:\/\/wp.blasmusik-gebenbach.de\/wp-content\/uploads\/Register-Trompeten-300x215.jpg 300w, https:\/\/wp.blasmusik-gebenbach.de\/wp-content\/uploads\/Register-Trompeten-1024x732.jpg 1024w, https:\/\/wp.blasmusik-gebenbach.de\/wp-content\/uploads\/Register-Trompeten-768x549.jpg 768w, https:\/\/wp.blasmusik-gebenbach.de\/wp-content\/uploads\/Register-Trompeten-1536x1098.jpg 1536w\" sizes=\"auto, (max-width: 420px) 100vw, 420px\" \/><\/a><\/figure>\n<\/div><\/div>\n<\/div>\n\n\n\n<div class=\"wp-block-columns is-layout-flex wp-container-core-columns-is-layout-9d6595d7 wp-block-columns-is-layout-flex\">\n<div class=\"wp-block-column is-layout-flow wp-block-column-is-layout-flow\" style=\"flex-basis:34%\">\n<h4 class=\"has-text-align-center wp-block-heading\">Schlagzeugregister<\/h4>\n\n\n<div class=\"wp-block-image\">\n<figure class=\"aligncenter size-full is-resized\"><a href=\"https:\/\/wp.blasmusik-gebenbach.de\/wp-content\/uploads\/Register-Schlagzeug.jpg\" data-rel=\"lightbox-image-5\" data-magnific_type=\"image\" data-rl_title=\"\" data-rl_caption=\"\" title=\"\"><img loading=\"lazy\" decoding=\"async\" src=\"https:\/\/wp.blasmusik-gebenbach.de\/wp-content\/uploads\/Register-Schlagzeug.jpg\" alt=\"Register Schlagzeug\" class=\"wp-image-247\" width=\"199\" height=\"300\" srcset=\"https:\/\/wp.blasmusik-gebenbach.de\/wp-content\/uploads\/Register-Schlagzeug.jpg 1272w, https:\/\/wp.blasmusik-gebenbach.de\/wp-content\/uploads\/Register-Schlagzeug-199x300.jpg 199w, https:\/\/wp.blasmusik-gebenbach.de\/wp-content\/uploads\/Register-Schlagzeug-678x1024.jpg 678w, https:\/\/wp.blasmusik-gebenbach.de\/wp-content\/uploads\/Register-Schlagzeug-768x1159.jpg 768w, https:\/\/wp.blasmusik-gebenbach.de\/wp-content\/uploads\/Register-Schlagzeug-1018x1536.jpg 1018w\" sizes=\"auto, (max-width: 199px) 100vw, 199px\" \/><\/a><\/figure>\n<\/div><\/div>\n\n\n\n<div class=\"wp-block-column is-layout-flow wp-block-column-is-layout-flow\" style=\"flex-basis:66%\">\n<h4 class=\"has-text-align-center wp-block-heading\">Tiefblechregister<\/h4>\n\n\n<div class=\"wp-block-image\">\n<figure class=\"aligncenter size-full is-resized\"><a href=\"https:\/\/wp.blasmusik-gebenbach.de\/wp-content\/uploads\/Register-Tiefblech.jpg\" data-rel=\"lightbox-image-6\" data-magnific_type=\"image\" data-rl_title=\"\" data-rl_caption=\"\" title=\"\"><img loading=\"lazy\" decoding=\"async\" src=\"https:\/\/wp.blasmusik-gebenbach.de\/wp-content\/uploads\/Register-Tiefblech.jpg\" alt=\"Register Tiefblech\" class=\"wp-image-248\" width=\"420\" height=\"300\"\/><\/a><\/figure>\n<\/div><\/div>\n<\/div>\n\n\n\n<div class=\"wp-block-qubely-icon qubely-block-b4f10d\"><div class=\"qubely-block-icon-wrapper \"><div class=\"qubely-block-icon\"><a class=\"qubely-icon-block-anchor\" href=\"javascript:self.scrollTo(0,0);\"><i class=\"fas fa-angle-up\"><\/i><\/a><\/div><\/div><\/div>\n","protected":false},"excerpt":{"rendered":"<p>Unser Orchester Unser Dirigent Gerhard B\u00f6ller Die Register unseres Orchesters Fl\u00f6tenregister Klarinettenregister Saxophonregister Trompetenregister Schlagzeugregister Tiefblechregister<\/p>\n","protected":false},"author":1,"featured_media":0,"parent":0,"menu_order":0,"comment_status":"closed","ping_status":"closed","template":"","meta":{"qubely_global_settings":"","qubely_interactions":"","inline_featured_image":false,"_uag_custom_page_level_css":"","footnotes":""},"class_list":["post-44","page","type-page","status-publish","hentry"],"uagb_featured_image_src":{"full":false,"thumbnail":false,"medium":false,"medium_large":false,"large":false,"1536x1536":false,"2048x2048":false,"qubely_landscape":false,"qubely_portrait":false,"qubely_thumbnail":false},"uagb_author_info":{"display_name":"wp_admin","author_link":"https:\/\/wp.blasmusik-gebenbach.de\/?author=1"},"uagb_comment_info":0,"uagb_excerpt":"Unser Orchester Unser Dirigent Gerhard B\u00f6ller Die Register unseres Orchesters Fl\u00f6tenregister Klarinettenregister Saxophonregister Trompetenregister Schlagzeugregister Tiefblechregister","_links":{"self":[{"href":"https:\/\/wp.blasmusik-gebenbach.de\/index.php?rest_route=\/wp\/v2\/pages\/44","targetHints":{"allow":["GET"]}}],"collection":[{"href":"https:\/\/wp.blasmusik-gebenbach.de\/index.php?rest_route=\/wp\/v2\/pages"}],"about":[{"href":"https:\/\/wp.blasmusik-gebenbach.de\/index.php?rest_route=\/wp\/v2\/types\/page"}],"author":[{"embeddable":true,"href":"https:\/\/wp.blasmusik-gebenbach.de\/index.php?rest_route=\/wp\/v2\/users\/1"}],"replies":[{"embeddable":true,"href":"https:\/\/wp.blasmusik-gebenbach.de\/index.php?rest_route=%2Fwp%2Fv2%2Fcomments&post=44"}],"version-history":[{"count":2,"href":"https:\/\/wp.blasmusik-gebenbach.de\/index.php?rest_route=\/wp\/v2\/pages\/44\/revisions"}],"predecessor-version":[{"id":3325,"href":"https:\/\/wp.blasmusik-gebenbach.de\/index.php?rest_route=\/wp\/v2\/pages\/44\/revisions\/3325"}],"wp:attachment":[{"href":"https:\/\/wp.blasmusik-gebenbach.de\/index.php?rest_route=%2Fwp%2Fv2%2Fmedia&parent=44"}],"curies":[{"name":"wp","href":"https:\/\/api.w.org\/{rel}","templated":true}]}}